{"id":97,"date":"2013-04-24T00:16:02","date_gmt":"2013-04-23T22:16:02","guid":{"rendered":"http:\/\/www.f3f.ch\/?page_id=97"},"modified":"2013-08-12T21:48:16","modified_gmt":"2013-08-12T19:48:16","slug":"vision-und-leitbild","status":"publish","type":"page","link":"https:\/\/www.f3f.ch\/?page_id=97","title":{"rendered":"Vision und Leitbild"},"content":{"rendered":"<p align=\"center\"><a href=\"http:\/\/www.f3f.ch\/wp-content\/uploads\/2013\/08\/F3F-SWISS-PILOTS-LOGO_eckig.jpg\"><img loading=\"lazy\" decoding=\"async\" class=\"aligncenter size-large wp-image-636\" alt=\"F3F SWISS PILOTS\" src=\"http:\/\/www.f3f.ch\/wp-content\/uploads\/2013\/08\/F3F-SWISS-PILOTS-LOGO_eckig-1024x457.jpg\" width=\"680\" height=\"303\" srcset=\"https:\/\/www.f3f.ch\/wp-content\/uploads\/2013\/08\/F3F-SWISS-PILOTS-LOGO_eckig-1024x457.jpg 1024w, https:\/\/www.f3f.ch\/wp-content\/uploads\/2013\/08\/F3F-SWISS-PILOTS-LOGO_eckig-300x133.jpg 300w, https:\/\/www.f3f.ch\/wp-content\/uploads\/2013\/08\/F3F-SWISS-PILOTS-LOGO_eckig-680x303.jpg 680w, https:\/\/www.f3f.ch\/wp-content\/uploads\/2013\/08\/F3F-SWISS-PILOTS-LOGO_eckig-940x419.jpg 940w, https:\/\/www.f3f.ch\/wp-content\/uploads\/2013\/08\/F3F-SWISS-PILOTS-LOGO_eckig.jpg 1359w\" sizes=\"(max-width: 680px) 100vw, 680px\" \/><\/a><\/p>\n<h1 align=\"center\"><strong><span style=\"color: #ffffff;\">Vision und Leitbild<\/span> <\/strong><\/h1>\n<p align=\"center\"><strong>\u00a0<\/strong><\/p>\n<p align=\"center\"><strong>\u00a0<\/strong><\/p>\n<p align=\"center\"><strong>Vision <\/strong><\/p>\n<p align=\"center\">Wir engagieren uns aktiv in der F\u00f6rderung der Kategorie F3F und des Modellsegelfluges im Allgemeinen.<\/p>\n<p align=\"center\"><strong>\u00a0<\/strong><\/p>\n<p align=\"center\"><strong>Leitbild <\/strong><\/p>\n<p align=\"center\">Unser Ziel ist es Wettbewerbs alle F3F-Piloten im Rahmen der bestehenden M\u00f6glichkeiten (Trainings, Wettbewerbsorganisation) zu unterst\u00fctzen.<\/p>\n<p align=\"center\">Wir betreiben unseren Sport mit gr\u00f6sstm\u00f6glicher Professionalit\u00e4t und tragen gr\u00f6sste Sorge zu den Ressourcen (Fluggebiete) welche wir zur Aus\u00fcbung benutzen.<\/p>\n<p align=\"center\">\u00a0Neben den Wettbewerbsf\u00f6rderung soll auch die Kameradschaft unter den Mitgliedern, Nachwuchsf\u00f6rderung\u00a0und der Austausch mit Piloten anderer Fl\u00e4chenflugsparten gepflegt werden.<\/p>\n<p align=\"center\">Wir verpflichten uns dem nachhaltigen Modellflug und benutzen jede verf\u00fcgbare Technik um die Umwelt zu schonen.<\/p>\n<p align=\"center\">Wir vertreten gegen\u00fcber Beh\u00f6rden, Organisationen, der \u00d6ffentlichkeit, Sponsoren und den Partnern unsere Interessen \u00fcberzeugend, fair und loyal.<\/p>\n<p align=\"center\"><i>Vision und Leitbild wurden an der Gr\u00fcndungsversammlung vom 31.07.2013 genehmigt. <\/i><\/p>\n<p><span style=\"color: #000000;\"><i>Vision und Leitbild Seite 1<\/i><\/span><\/p>\n","protected":false},"excerpt":{"rendered":"<p>Vision und Leitbild \u00a0 \u00a0 Vision Wir engagieren uns aktiv in der F\u00f6rderung der Kategorie F3F und des Modellsegelfluges im Allgemeinen. \u00a0 Leitbild Unser Ziel ist es Wettbewerbs alle F3F-Piloten im Rahmen der bestehenden M\u00f6glichkeiten (Trainings, Wettbewerbsorganisation) zu unterst\u00fctzen. Wir&hellip;<\/p>\n","protected":false},"author":1,"featured_media":0,"parent":91,"menu_order":1,"comment_status":"open","ping_status":"open","template":"","meta":{"footnotes":""},"_links":{"self":[{"href":"https:\/\/www.f3f.ch\/index.php?rest_route=\/wp\/v2\/pages\/97"}],"collection":[{"href":"https:\/\/www.f3f.ch\/index.php?rest_route=\/wp\/v2\/pages"}],"about":[{"href":"https:\/\/www.f3f.ch\/index.php?rest_route=\/wp\/v2\/types\/page"}],"author":[{"embeddable":true,"href":"https:\/\/www.f3f.ch\/index.php?rest_route=\/wp\/v2\/users\/1"}],"replies":[{"embeddable":true,"href":"https:\/\/www.f3f.ch\/index.php?rest_route=%2Fwp%2Fv2%2Fcomments&post=97"}],"version-history":[{"count":8,"href":"https:\/\/www.f3f.ch\/index.php?rest_route=\/wp\/v2\/pages\/97\/revisions"}],"predecessor-version":[{"id":750,"href":"https:\/\/www.f3f.ch\/index.php?rest_route=\/wp\/v2\/pages\/97\/revisions\/750"}],"up":[{"embeddable":true,"href":"https:\/\/www.f3f.ch\/index.php?rest_route=\/wp\/v2\/pages\/91"}],"wp:attachment":[{"href":"https:\/\/www.f3f.ch\/index.php?rest_route=%2Fwp%2Fv2%2Fmedia&parent=97"}],"curies":[{"name":"wp","href":"https:\/\/api.w.org\/{rel}","templated":true}]}}